{"id":7996,"date":"2021-06-10T14:58:42","date_gmt":"2021-06-10T12:58:42","guid":{"rendered":"https:\/\/relaunch.liap.eu\/?page_id=7996"},"modified":"2024-03-12T09:05:26","modified_gmt":"2024-03-12T08:05:26","slug":"willkommen-im-leipzig-international-art-programme","status":"publish","type":"page","link":"https:\/\/liap.eu\/index.php\/de\/kuenstler\/willkommen-im-leipzig-international-art-programme\/","title":{"rendered":""},"content":{"rendered":"\n<p class=\"wp-block-paragraph\"><iframe loading=\"lazy\" title=\"YouTube video player\" src=\"https:\/\/www.youtube.com\/embed\/ql-saOt21_A?si=aGaatAWQFljiSt3S&amp;controls=0\" width=\"560\" height=\"315\" frameborder=\"0\" allowfullscreen=\"allowfullscreen\"><\/iframe><\/p>\n\n\n\n<p class=\"has-small-font-size wp-block-paragraph\">RESONATE Opus I \u2013\u00a0Harit\u00a0Srikhao\u00a0in Kolaboration mit T\u00e4nzerin Clara Sj\u00f6lin &amp; Musikern des Gewandhauses\u00a0Elisabeth Dingstad, Camille Gouton, Alice Wedel und Pedro Pelaez im LIA Atelier<\/p>\n\n\n\n<h2 class=\"wp-block-heading\">LIA<\/h2>\n\n\n\n<p class=\"wp-block-paragraph\">Das Leipzig International Art Programme (LIA) ist eine internationale K\u00fcnstlerresidenz in der Spinnerei Leipzig. Es versteht sich als Ort des Experiments und Lernens innerhalb einer starken lokalen K\u00fcnstlergemeinschaft und einer traditionsreichen Stadt. Lokale und internationale K\u00fcnstler*innen befruchten sich hier im gegenseitigen Austausch. \u201eDas Verlassen der Komfortzone er\u00f6ffnet neue Perspektiven. Internationale Gastk\u00fcnstler, die mit professionellen Musikern, \u00f6ffentlichen R\u00e4umen oder musealen Sammlungen arbeiten, erweitern unsere Sichtweise. Die Auseinandersetzung mit dem Anderen f\u00f6rdert neue Denkans\u00e4tze\u201c, so LIA Gr\u00fcnderin Anna-Louise Rolland. Seit 2007 haben \u00fcber 500 K\u00fcnstler*innen aus \u00fcber 40 Nationen am LIA-Programm teilgenommen.<\/p>\n\n\n\n<hr class=\"wp-block-separator has-css-opacity is-style-wide\"\/>\n\n\n\n<h2 class=\"wp-block-heading\">Aktuelles<\/h2>\n\n\n\n<div class=\"wp-block-buttons is-layout-flex wp-block-buttons-is-layout-flex\">\n<div class=\"wp-block-button has-custom-font-size is-style-outline is-style-outline--1\" style=\"font-size:13px\"><a class=\"wp-block-button__link has-text-color wp-element-button\" href=\"https:\/\/liap.eu\/index.php\/de\/category\/aktuelles\/\" style=\"color:#e2282b\" rel=\"https:\/\/liap.eu\/index.php\/en\/artists\/\">WEITERES<\/a><\/div>\n<\/div>\n\n\n\n<div class=\"wp-block-group is-layout-flow wp-block-group-is-layout-flow\">\n<div class=\"wp-block-columns is-layout-flex wp-container-core-columns-is-layout-7387b849 wp-block-columns-is-layout-flex\">\n<div class=\"wp-block-column is-layout-flow wp-block-column-is-layout-flow\" style=\"--col-width:100%;flex-basis:100%\">\n\t\t\t<div class=\"wp-block-uagb-post-carousel uagb-post-grid  uagb-post__image-position-top uagb-post__image-enabled uagb-block-3cb8fe57     uagb-post__arrow-outside uagb-slick-carousel uagb-post__items uagb-post__columns-2 is-carousel uagb-post__columns-tablet-2 uagb-post__columns-mobile-1 uagb-post__carousel_equal-height\" data-total=\"12\" style=\"\">\n\n\t\t\t\t\t\t\t\t\t\t\t\t<article class=\"uagb-post__inner-wrap\">\t\t\t\t\t\t\t\t<div class='uagb-post__image'>\n\t\t\t\t\t\t\t\t\t<a href=\"https:\/\/liap.eu\/index.php\/de\/2026\/07\/06\/scout-africa-und-leipzig\/\" target=\"_self\" rel=\"bookmark noopener noreferrer\"><img loading=\"lazy\" decoding=\"async\" width=\"682\" height=\"1362\" src=\"https:\/\/liap.eu\/wp-content\/uploads\/2026\/07\/Captura-de-pantalla-2026-07-06-a-las-11.27.14.png\" class=\"attachment-full size-full\" alt=\"\" \/>\t\t\t\t\t<\/a>\n\t\t\t\t\t\t\t\t\t<\/div>\n\t\t\t\t\t\t<h6 class=\"uagb-post__title uagb-post__text\">\n\t\t\t\t<a href=\"https:\/\/liap.eu\/index.php\/de\/2026\/07\/06\/scout-africa-und-leipzig\/\" target=\"_self\" rel=\"bookmark noopener noreferrer\">South Africa und Leipzig<\/a>\n\t\t\t<\/h6>\n\t\t\t\t\t\t<div class='uagb-post__text uagb-post-grid-byline'>\n\t\t\t\t\t\t\t\t<time datetime=\"2026-07-06T11:40:40+02:00\" class=\"uagb-post__date\">\n\t\t\t\t<span class=\"dashicons-calendar dashicons\"><\/span>\t\t\t\t\t6. July 2026\t\t\t\t<\/time>\n\t\t\t\t\t\t<\/div>\n\t\t\t\t\t\t\t<div class='uagb-post__text uagb-post__excerpt'>\n\t\t\t\t\t<p>South Africa und Leipzig Begegnungen im Experimentiergebiet F\u00fcnf Jahre lang kamen K\u00fcnstlerinnen aus der Republik&#8230;\t\t\t\t<\/div>\n\t\t\t\t\t\t<div class=\"uagb-post__text uagb-post__cta wp-block-button\">\n\t\t\t\t<a class=\"wp-block-button__link uagb-text-link\" style=\"\" href=\"https:\/\/liap.eu\/index.php\/de\/2026\/07\/06\/scout-africa-und-leipzig\/\" target=\"_self\" rel=\"bookmark noopener noreferrer\">READ MORE<\/a>\n\t\t\t<\/div>\n\t\t\t\n\t\t\t\t\t\t\t\t\t<\/article>\n\t\t\t\t\t\t\t\t\t\t\t\t\t\t\t\t<article class=\"uagb-post__inner-wrap\">\t\t\t\t\t\t\t\t<div class='uagb-post__image'>\n\t\t\t\t\t\t\t\t\t<a href=\"https:\/\/liap.eu\/index.php\/de\/2026\/07\/02\/the-federal-foreign-office-and-lia-leipzig-international-art-programme-fellowship-2\/\" target=\"_self\" rel=\"bookmark noopener noreferrer\"><img loading=\"lazy\" decoding=\"async\" width=\"1016\" height=\"654\" src=\"https:\/\/liap.eu\/wp-content\/uploads\/2026\/07\/Captura-de-pantalla-2026-07-02-a-las-13.48.38.png\" class=\"attachment-full size-full\" alt=\"\" srcset=\"https:\/\/liap.eu\/wp-content\/uploads\/2026\/07\/Captura-de-pantalla-2026-07-02-a-las-13.48.38.png 1016w, https:\/\/liap.eu\/wp-content\/uploads\/2026\/07\/Captura-de-pantalla-2026-07-02-a-las-13.48.38-768x494.png 768w\" sizes=\"auto, (max-width: 1016px) 100vw, 1016px\" \/>\t\t\t\t\t<\/a>\n\t\t\t\t\t\t\t\t\t<\/div>\n\t\t\t\t\t\t<h6 class=\"uagb-post__title uagb-post__text\">\n\t\t\t\t<a href=\"https:\/\/liap.eu\/index.php\/de\/2026\/07\/02\/the-federal-foreign-office-and-lia-leipzig-international-art-programme-fellowship-2\/\" target=\"_self\" rel=\"bookmark noopener noreferrer\">The Federal Foreign Office and LIA-Leipzig International Art Programme fellowship<\/a>\n\t\t\t<\/h6>\n\t\t\t\t\t\t<div class='uagb-post__text uagb-post-grid-byline'>\n\t\t\t\t\t\t\t\t<time datetime=\"2026-07-02T13:49:33+02:00\" class=\"uagb-post__date\">\n\t\t\t\t<span class=\"dashicons-calendar dashicons\"><\/span>\t\t\t\t\t2. July 2026\t\t\t\t<\/time>\n\t\t\t\t\t\t<\/div>\n\t\t\t\t\t\t\t<div class='uagb-post__text uagb-post__excerpt'>\n\t\t\t\t\t<p>The Federal Foreign Office and LIA-Leipzig International Art Programme are pleased to announce the six&#8230;\t\t\t\t<\/div>\n\t\t\t\t\t\t<div class=\"uagb-post__text uagb-post__cta wp-block-button\">\n\t\t\t\t<a class=\"wp-block-button__link uagb-text-link\" style=\"\" href=\"https:\/\/liap.eu\/index.php\/de\/2026\/07\/02\/the-federal-foreign-office-and-lia-leipzig-international-art-programme-fellowship-2\/\" target=\"_self\" rel=\"bookmark noopener noreferrer\">READ MORE<\/a>\n\t\t\t<\/div>\n\t\t\t\n\t\t\t\t\t\t\t\t\t<\/article>\n\t\t\t\t\t\t\t\t\t\t\t\t\t\t\t\t<article class=\"uagb-post__inner-wrap\">\t\t\t\t\t\t\t\t<div class='uagb-post__image'>\n\t\t\t\t\t\t\t\t\t<a href=\"https:\/\/liap.eu\/index.php\/de\/2026\/06\/11\/the-federal-foreign-office-and-lia-leipzig-international-art-programme-grant-2\/\" target=\"_self\" rel=\"bookmark noopener noreferrer\"><img loading=\"lazy\" decoding=\"async\" width=\"1004\" height=\"1312\" src=\"https:\/\/liap.eu\/wp-content\/uploads\/2026\/06\/Captura-de-pantalla-2026-06-11-a-las-10.03.10.png\" class=\"attachment-full size-full\" alt=\"\" srcset=\"https:\/\/liap.eu\/wp-content\/uploads\/2026\/06\/Captura-de-pantalla-2026-06-11-a-las-10.03.10.png 1004w, https:\/\/liap.eu\/wp-content\/uploads\/2026\/06\/Captura-de-pantalla-2026-06-11-a-las-10.03.10-768x1004.png 768w\" sizes=\"auto, (max-width: 1004px) 100vw, 1004px\" \/>\t\t\t\t\t<\/a>\n\t\t\t\t\t\t\t\t\t<\/div>\n\t\t\t\t\t\t<h6 class=\"uagb-post__title uagb-post__text\">\n\t\t\t\t<a href=\"https:\/\/liap.eu\/index.php\/de\/2026\/06\/11\/the-federal-foreign-office-and-lia-leipzig-international-art-programme-grant-2\/\" target=\"_self\" rel=\"bookmark noopener noreferrer\">The Federal Foreign Office and LIA-Leipzig International Art Programme GRANT<\/a>\n\t\t\t<\/h6>\n\t\t\t\t\t\t<div class='uagb-post__text uagb-post-grid-byline'>\n\t\t\t\t\t\t\t\t<time datetime=\"2026-06-11T10:16:40+02:00\" class=\"uagb-post__date\">\n\t\t\t\t<span class=\"dashicons-calendar dashicons\"><\/span>\t\t\t\t\t11. June 2026\t\t\t\t<\/time>\n\t\t\t\t\t\t<\/div>\n\t\t\t\t\t\t\t<div class='uagb-post__text uagb-post__excerpt'>\n\t\t\t\t\t<p>The Federal Foreign Office and LIA-Leipzig International Art Programme are pleased to announce the two&#8230;\t\t\t\t<\/div>\n\t\t\t\t\t\t<div class=\"uagb-post__text uagb-post__cta wp-block-button\">\n\t\t\t\t<a class=\"wp-block-button__link uagb-text-link\" style=\"\" href=\"https:\/\/liap.eu\/index.php\/de\/2026\/06\/11\/the-federal-foreign-office-and-lia-leipzig-international-art-programme-grant-2\/\" target=\"_self\" rel=\"bookmark noopener noreferrer\">READ MORE<\/a>\n\t\t\t<\/div>\n\t\t\t\n\t\t\t\t\t\t\t\t\t<\/article>\n\t\t\t\t\t\t\t\t\t\t\t\t\t\t\t\t<article class=\"uagb-post__inner-wrap\">\t\t\t\t\t\t\t\t<div class='uagb-post__image'>\n\t\t\t\t\t\t\t\t\t<a href=\"https:\/\/liap.eu\/index.php\/de\/2026\/06\/08\/morgen-gespraech-mit-sasha-dees-bei-lia\/\" target=\"_self\" rel=\"bookmark noopener noreferrer\"><img loading=\"lazy\" decoding=\"async\" width=\"1414\" height=\"2000\" src=\"https:\/\/liap.eu\/wp-content\/uploads\/2026\/06\/A-CONVERSATION-WITH-SASHA-DEES-1.png\" class=\"attachment-full size-full\" alt=\"\" srcset=\"https:\/\/liap.eu\/wp-content\/uploads\/2026\/06\/A-CONVERSATION-WITH-SASHA-DEES-1.png 1414w, https:\/\/liap.eu\/wp-content\/uploads\/2026\/06\/A-CONVERSATION-WITH-SASHA-DEES-1-768x1086.png 768w, https:\/\/liap.eu\/wp-content\/uploads\/2026\/06\/A-CONVERSATION-WITH-SASHA-DEES-1-1086x1536.png 1086w, https:\/\/liap.eu\/wp-content\/uploads\/2026\/06\/A-CONVERSATION-WITH-SASHA-DEES-1-1200x1697.png 1200w\" sizes=\"auto, (max-width: 1414px) 100vw, 1414px\" \/>\t\t\t\t\t<\/a>\n\t\t\t\t\t\t\t\t\t<\/div>\n\t\t\t\t\t\t<h6 class=\"uagb-post__title uagb-post__text\">\n\t\t\t\t<a href=\"https:\/\/liap.eu\/index.php\/de\/2026\/06\/08\/morgen-gespraech-mit-sasha-dees-bei-lia\/\" target=\"_self\" rel=\"bookmark noopener noreferrer\">MORGEN Gespr\u00e4ch mit Sasha Dees bei LIA<\/a>\n\t\t\t<\/h6>\n\t\t\t\t\t\t<div class='uagb-post__text uagb-post-grid-byline'>\n\t\t\t\t\t\t\t\t<time datetime=\"2026-06-08T12:48:49+02:00\" class=\"uagb-post__date\">\n\t\t\t\t<span class=\"dashicons-calendar dashicons\"><\/span>\t\t\t\t\t8. June 2026\t\t\t\t<\/time>\n\t\t\t\t\t\t<\/div>\n\t\t\t\t\t\t\t<div class='uagb-post__text uagb-post__excerpt'>\n\t\t\t\t\t<p>Ort: Spinnereistr. 7, Halle 18, 2. Stock. Um 18 Uhr. Am Dienstag, dem 9. Juni,&#8230;\t\t\t\t<\/div>\n\t\t\t\t\t\t<div class=\"uagb-post__text uagb-post__cta wp-block-button\">\n\t\t\t\t<a class=\"wp-block-button__link uagb-text-link\" style=\"\" href=\"https:\/\/liap.eu\/index.php\/de\/2026\/06\/08\/morgen-gespraech-mit-sasha-dees-bei-lia\/\" target=\"_self\" rel=\"bookmark noopener noreferrer\">READ MORE<\/a>\n\t\t\t<\/div>\n\t\t\t\n\t\t\t\t\t\t\t\t\t<\/article>\n\t\t\t\t\t\t\t\t\t\t\t<\/div>\n\t\t\t<\/div>\n<\/div>\n<\/div>\n\n\n\n<hr class=\"wp-block-separator has-css-opacity is-style-wide\"\/>\n\n\n\n<h2 class=\"wp-block-heading\">Aktuelle K\u00fcnstlerInnen<\/h2>\n\n\n\n<div class=\"wp-block-buttons is-layout-flex wp-block-buttons-is-layout-flex\">\n<div class=\"wp-block-button has-custom-font-size is-style-outline is-style-outline--2\" style=\"font-size:13px\"><a class=\"wp-block-button__link has-text-color\" href=\"https:\/\/liap.eu\/index.php\/de\/kunstler\/\" style=\"color:#e2282b\" rel=\"https:\/\/liap.eu\/index.php\/en\/artists\/\">alle K\u00fcnstler<\/a><\/div>\n<\/div>\n\n\n\n<div class=\"wp-block-group is-layout-flow wp-block-group-is-layout-flow\">\n\t\t\t<div class=\"wp-block-uagb-post-grid uagb-post-grid  uagb-post__image-position-top uagb-post__image-enabled uagb-block-87d89b01     uagb-post__items uagb-post__columns-5 is-grid uagb-post__columns-tablet-2 uagb-post__columns-mobile-1 uagb-post__equal-height\" data-total=\"76\" style=\"\">\n\n\t\t\t\t\t\t\t\t\t\t\t\t<article class=\"uagb-post__inner-wrap\">\t\t\t\t\t\t\t\t<div class='uagb-post__image'>\n\t\t\t\t\t\t\t\t\t<a href=\"https:\/\/liap.eu\/index.php\/2026\/08\/12\/gerardo-cordon\/\" target=\"_self\" rel=\"bookmark noopener noreferrer\" class='uagb-image-ratio-inherit'><img loading=\"lazy\" decoding=\"async\" width=\"1920\" height=\"2560\" src=\"https:\/\/liap.eu\/wp-content\/uploads\/2026\/08\/IMG_6025-1-scaled.jpeg\" class=\"attachment-full size-full\" alt=\"\" srcset=\"https:\/\/liap.eu\/wp-content\/uploads\/2026\/08\/IMG_6025-1-scaled.jpeg 1920w, https:\/\/liap.eu\/wp-content\/uploads\/2026\/08\/IMG_6025-1-768x1024.jpeg 768w, https:\/\/liap.eu\/wp-content\/uploads\/2026\/08\/IMG_6025-1-1152x1536.jpeg 1152w, https:\/\/liap.eu\/wp-content\/uploads\/2026\/08\/IMG_6025-1-1536x2048.jpeg 1536w, https:\/\/liap.eu\/wp-content\/uploads\/2026\/08\/IMG_6025-1-1200x1600.jpeg 1200w, https:\/\/liap.eu\/wp-content\/uploads\/2026\/08\/IMG_6025-1-1980x2640.jpeg 1980w\" sizes=\"auto, (max-width: 1920px) 100vw, 1920px\" \/>\t\t\t\t\t<\/a>\n\t\t\t\t\t\t\t<\/div>\n\t\t\t\t\t\t<h6 class=\"uagb-post__title uagb-post__text\">\n\t\t\t\t<a href=\"https:\/\/liap.eu\/index.php\/2026\/08\/12\/gerardo-cordon\/\" target=\"_self\" rel=\"bookmark noopener noreferrer\">Gerardo Cord\u00f3n<\/a>\n\t\t\t<\/h6>\n\t\t\t\t\t\t<div class='uagb-post__text uagb-post-grid-byline'>\n\t\t\t\t\t\t\t<\/div>\n\t\t\t\n\t\t\t\t\t\t\t\t\t<\/article>\n\t\t\t\t\t\t\t\t\t\t\t\t\t\t\t\t<article class=\"uagb-post__inner-wrap\">\t\t\t\t\t\t\t\t<div class='uagb-post__image'>\n\t\t\t\t\t\t\t\t\t<a href=\"https:\/\/liap.eu\/index.php\/2026\/08\/12\/lilian-munuo\/\" target=\"_self\" rel=\"bookmark noopener noreferrer\" class='uagb-image-ratio-inherit'><img decoding=\"async\" src=\"https:\/\/liap.eu\/wp-content\/uploads\/2026\/08\/IMG_5990-1.heic\" class=\"attachment-full size-full\" alt=\"\" \/>\t\t\t\t\t<\/a>\n\t\t\t\t\t\t\t<\/div>\n\t\t\t\t\t\t<h6 class=\"uagb-post__title uagb-post__text\">\n\t\t\t\t<a href=\"https:\/\/liap.eu\/index.php\/2026\/08\/12\/lilian-munuo\/\" target=\"_self\" rel=\"bookmark noopener noreferrer\">Lilian Munuo<\/a>\n\t\t\t<\/h6>\n\t\t\t\t\t\t<div class='uagb-post__text uagb-post-grid-byline'>\n\t\t\t\t\t\t\t<\/div>\n\t\t\t\n\t\t\t\t\t\t\t\t\t<\/article>\n\t\t\t\t\t\t\t\t\t\t\t\t\t\t\t\t<article class=\"uagb-post__inner-wrap\">\t\t\t\t\t\t\t\t<div class='uagb-post__image'>\n\t\t\t\t\t\t\t\t\t<a href=\"https:\/\/liap.eu\/index.php\/2026\/08\/12\/jungwon-phee\/\" target=\"_self\" rel=\"bookmark noopener noreferrer\" class='uagb-image-ratio-inherit'><img decoding=\"async\" src=\"https:\/\/liap.eu\/wp-content\/uploads\/2026\/08\/IMG_6065-2.heic\" class=\"attachment-full size-full\" alt=\"\" \/>\t\t\t\t\t<\/a>\n\t\t\t\t\t\t\t<\/div>\n\t\t\t\t\t\t<h6 class=\"uagb-post__title uagb-post__text\">\n\t\t\t\t<a href=\"https:\/\/liap.eu\/index.php\/2026\/08\/12\/jungwon-phee\/\" target=\"_self\" rel=\"bookmark noopener noreferrer\">Jungwon Phee<\/a>\n\t\t\t<\/h6>\n\t\t\t\t\t\t<div class='uagb-post__text uagb-post-grid-byline'>\n\t\t\t\t\t\t\t<\/div>\n\t\t\t\n\t\t\t\t\t\t\t\t\t<\/article>\n\t\t\t\t\t\t\t\t\t\t\t\t\t\t\t\t<article class=\"uagb-post__inner-wrap\">\t\t\t\t\t\t\t\t<div class='uagb-post__image'>\n\t\t\t\t\t\t\t\t\t<a href=\"https:\/\/liap.eu\/index.php\/2026\/08\/11\/annina-roescheisen\/\" target=\"_self\" rel=\"bookmark noopener noreferrer\" class='uagb-image-ratio-inherit'><img loading=\"lazy\" decoding=\"async\" width=\"1920\" height=\"2560\" src=\"https:\/\/liap.eu\/wp-content\/uploads\/2026\/08\/IMG_6059-scaled.jpeg\" class=\"attachment-full size-full\" alt=\"\" srcset=\"https:\/\/liap.eu\/wp-content\/uploads\/2026\/08\/IMG_6059-scaled.jpeg 1920w, https:\/\/liap.eu\/wp-content\/uploads\/2026\/08\/IMG_6059-768x1024.jpeg 768w, https:\/\/liap.eu\/wp-content\/uploads\/2026\/08\/IMG_6059-1152x1536.jpeg 1152w, https:\/\/liap.eu\/wp-content\/uploads\/2026\/08\/IMG_6059-1536x2048.jpeg 1536w, https:\/\/liap.eu\/wp-content\/uploads\/2026\/08\/IMG_6059-1200x1600.jpeg 1200w, https:\/\/liap.eu\/wp-content\/uploads\/2026\/08\/IMG_6059-1980x2640.jpeg 1980w\" sizes=\"auto, (max-width: 1920px) 100vw, 1920px\" \/>\t\t\t\t\t<\/a>\n\t\t\t\t\t\t\t<\/div>\n\t\t\t\t\t\t<h6 class=\"uagb-post__title uagb-post__text\">\n\t\t\t\t<a href=\"https:\/\/liap.eu\/index.php\/2026\/08\/11\/annina-roescheisen\/\" target=\"_self\" rel=\"bookmark noopener noreferrer\">Annina Roescheisen<\/a>\n\t\t\t<\/h6>\n\t\t\t\t\t\t<div class='uagb-post__text uagb-post-grid-byline'>\n\t\t\t\t\t\t\t<\/div>\n\t\t\t\n\t\t\t\t\t\t\t\t\t<\/article>\n\t\t\t\t\t\t\t\t\t\t\t\t\t\t\t\t<article class=\"uagb-post__inner-wrap\">\t\t\t\t\t\t\t\t<div class='uagb-post__image'>\n\t\t\t\t\t\t\t\t\t<a href=\"https:\/\/liap.eu\/index.php\/2026\/08\/11\/andres-quintero\/\" target=\"_self\" rel=\"bookmark noopener noreferrer\" class='uagb-image-ratio-inherit'><img loading=\"lazy\" decoding=\"async\" width=\"1920\" height=\"2560\" src=\"https:\/\/liap.eu\/wp-content\/uploads\/2026\/08\/IMG_6017-1-scaled.jpeg\" class=\"attachment-full size-full\" alt=\"\" srcset=\"https:\/\/liap.eu\/wp-content\/uploads\/2026\/08\/IMG_6017-1-scaled.jpeg 1920w, https:\/\/liap.eu\/wp-content\/uploads\/2026\/08\/IMG_6017-1-768x1024.jpeg 768w, https:\/\/liap.eu\/wp-content\/uploads\/2026\/08\/IMG_6017-1-1152x1536.jpeg 1152w, https:\/\/liap.eu\/wp-content\/uploads\/2026\/08\/IMG_6017-1-1536x2048.jpeg 1536w, https:\/\/liap.eu\/wp-content\/uploads\/2026\/08\/IMG_6017-1-1200x1600.jpeg 1200w, https:\/\/liap.eu\/wp-content\/uploads\/2026\/08\/IMG_6017-1-1980x2640.jpeg 1980w\" sizes=\"auto, (max-width: 1920px) 100vw, 1920px\" \/>\t\t\t\t\t<\/a>\n\t\t\t\t\t\t\t<\/div>\n\t\t\t\t\t\t<h6 class=\"uagb-post__title uagb-post__text\">\n\t\t\t\t<a href=\"https:\/\/liap.eu\/index.php\/2026\/08\/11\/andres-quintero\/\" target=\"_self\" rel=\"bookmark noopener noreferrer\">Andr\u00e9s Quintero<\/a>\n\t\t\t<\/h6>\n\t\t\t\t\t\t<div class='uagb-post__text uagb-post-grid-byline'>\n\t\t\t\t\t\t\t<\/div>\n\t\t\t\n\t\t\t\t\t\t\t\t\t<\/article>\n\t\t\t\t\t\t\t\t\t\t\t<\/div>\n\t\t\t<\/div>\n","protected":false},"excerpt":{"rendered":"<p>RESONATE Opus I \u2013\u00a0Harit\u00a0Srikhao\u00a0in Kolaboration mit T\u00e4nzerin Clara Sj\u00f6lin &amp; Musikern des Gewandhauses\u00a0Elisabeth Dingstad, Camille Gouton, Alice Wedel und Pedro Pelaez im LIA Atelier LIA Das Leipzig International Art Programme (LIA) ist eine internationale K\u00fcnstlerresidenz in der Spinnerei Leipzig. Es versteht sich als Ort des Experiments und Lernens innerhalb einer starken lokalen K\u00fcnstlergemeinschaft und einer&hellip;<\/p>\n","protected":false},"author":3,"featured_media":0,"parent":217,"menu_order":0,"comment_status":"closed","ping_status":"closed","template":"templates\/template-full-width.php","meta":{"om_disable_all_campaigns":false,"_uag_custom_page_level_css":"","footnotes":""},"class_list":["post-7996","page","type-page","status-publish","hentry"],"yoast_head":"<!-- This site is optimized with the Yoast SEO plugin v28.4 - https:\/\/yoast.com\/product\/yoast-seo-wordpress\/ -->\n<title>- LIA<\/title>\n<meta name=\"robots\" content=\"index, follow, max-snippet:-1, max-image-preview:large, max-video-preview:-1\" \/>\n<link rel=\"canonical\" href=\"https:\/\/liap.eu\/index.php\/de\/kuenstler\/willkommen-im-leipzig-international-art-programme\/\" \/>\n<meta property=\"og:locale\" content=\"en_GB\" \/>\n<meta property=\"og:type\" content=\"article\" \/>\n<meta property=\"og:title\" content=\"- LIA\" \/>\n<meta property=\"og:description\" content=\"RESONATE Opus I \u2013\u00a0Harit\u00a0Srikhao\u00a0in Kolaboration mit T\u00e4nzerin Clara Sj\u00f6lin &amp; Musikern des Gewandhauses\u00a0Elisabeth Dingstad, Camille Gouton, Alice Wedel und Pedro Pelaez im LIA Atelier LIA Das Leipzig International Art Programme (LIA) ist eine internationale K\u00fcnstlerresidenz in der Spinnerei Leipzig. Es versteht sich als Ort des Experiments und Lernens innerhalb einer starken lokalen K\u00fcnstlergemeinschaft und einer&hellip;\" \/>\n<meta property=\"og:url\" content=\"https:\/\/liap.eu\/index.php\/de\/kuenstler\/willkommen-im-leipzig-international-art-programme\/\" \/>\n<meta property=\"og:site_name\" content=\"LIA\" \/>\n<meta property=\"article:publisher\" content=\"https:\/\/www.facebook.com\/LIAprogramme\" \/>\n<meta property=\"article:modified_time\" content=\"2024-03-12T08:05:26+00:00\" \/>\n<meta name=\"twitter:card\" content=\"summary_large_image\" \/>\n<meta name=\"twitter:label1\" content=\"Estimated reading time\" \/>\n\t<meta name=\"twitter:data1\" content=\"2 minutes\" \/>\n<script type=\"application\/ld+json\" class=\"yoast-schema-graph\">{\"@context\":\"https:\\\/\\\/schema.org\",\"@graph\":[{\"@type\":\"WebPage\",\"@id\":\"https:\\\/\\\/liap.eu\\\/index.php\\\/de\\\/kuenstler\\\/willkommen-im-leipzig-international-art-programme\\\/\",\"url\":\"https:\\\/\\\/liap.eu\\\/index.php\\\/de\\\/kuenstler\\\/willkommen-im-leipzig-international-art-programme\\\/\",\"name\":\"- LIA\",\"isPartOf\":{\"@id\":\"https:\\\/\\\/liap.eu\\\/#website\"},\"datePublished\":\"2021-06-10T12:58:42+00:00\",\"dateModified\":\"2024-03-12T08:05:26+00:00\",\"breadcrumb\":{\"@id\":\"https:\\\/\\\/liap.eu\\\/index.php\\\/de\\\/kuenstler\\\/willkommen-im-leipzig-international-art-programme\\\/#breadcrumb\"},\"inLanguage\":\"en-GB\",\"potentialAction\":[{\"@type\":\"ReadAction\",\"target\":[\"https:\\\/\\\/liap.eu\\\/index.php\\\/de\\\/kuenstler\\\/willkommen-im-leipzig-international-art-programme\\\/\"]}]},{\"@type\":\"BreadcrumbList\",\"@id\":\"https:\\\/\\\/liap.eu\\\/index.php\\\/de\\\/kuenstler\\\/willkommen-im-leipzig-international-art-programme\\\/#breadcrumb\",\"itemListElement\":[{\"@type\":\"ListItem\",\"position\":1,\"name\":\"Startseite\",\"item\":\"https:\\\/\\\/liap.eu\\\/\"},{\"@type\":\"ListItem\",\"position\":2,\"name\":\"K\u00fcnstler\",\"item\":\"https:\\\/\\\/liap.eu\\\/index.php\\\/de\\\/kuenstler\\\/\"}]},{\"@type\":\"WebSite\",\"@id\":\"https:\\\/\\\/liap.eu\\\/#website\",\"url\":\"https:\\\/\\\/liap.eu\\\/\",\"name\":\"LIA - Leipzig International Art Programme\",\"description\":\"Leipzig International Art Programme\",\"publisher\":{\"@id\":\"https:\\\/\\\/liap.eu\\\/#organization\"},\"potentialAction\":[{\"@type\":\"SearchAction\",\"target\":{\"@type\":\"EntryPoint\",\"urlTemplate\":\"https:\\\/\\\/liap.eu\\\/?s={search_term_string}\"},\"query-input\":{\"@type\":\"PropertyValueSpecification\",\"valueRequired\":true,\"valueName\":\"search_term_string\"}}],\"inLanguage\":\"en-GB\"},{\"@type\":\"Organization\",\"@id\":\"https:\\\/\\\/liap.eu\\\/#organization\",\"name\":\"Leipzig International Art Programme\",\"url\":\"https:\\\/\\\/liap.eu\\\/\",\"logo\":{\"@type\":\"ImageObject\",\"inLanguage\":\"en-GB\",\"@id\":\"https:\\\/\\\/liap.eu\\\/#\\\/schema\\\/logo\\\/image\\\/\",\"url\":\"https:\\\/\\\/liap.eu\\\/wp-content\\\/uploads\\\/2021\\\/11\\\/LIAP.jpg\",\"contentUrl\":\"https:\\\/\\\/liap.eu\\\/wp-content\\\/uploads\\\/2021\\\/11\\\/LIAP.jpg\",\"width\":870,\"height\":140,\"caption\":\"Leipzig International Art Programme\"},\"image\":{\"@id\":\"https:\\\/\\\/liap.eu\\\/#\\\/schema\\\/logo\\\/image\\\/\"},\"sameAs\":[\"https:\\\/\\\/www.facebook.com\\\/LIAprogramme\",\"https:\\\/\\\/www.instagram.com\\\/lia_programme\\\/\",\"https:\\\/\\\/www.youtube.com\\\/channel\\\/UCVp_APjH6wtmApuu5kWgUqA\\\/videos\"]}]}<\/script>\n<!-- \/ Yoast SEO plugin. -->","yoast_head_json":{"title":"- LIA","robots":{"index":"index","follow":"follow","max-snippet":"max-snippet:-1","max-image-preview":"max-image-preview:large","max-video-preview":"max-video-preview:-1"},"canonical":"https:\/\/liap.eu\/index.php\/de\/kuenstler\/willkommen-im-leipzig-international-art-programme\/","og_locale":"en_GB","og_type":"article","og_title":"- LIA","og_description":"RESONATE Opus I \u2013\u00a0Harit\u00a0Srikhao\u00a0in Kolaboration mit T\u00e4nzerin Clara Sj\u00f6lin &amp; Musikern des Gewandhauses\u00a0Elisabeth Dingstad, Camille Gouton, Alice Wedel und Pedro Pelaez im LIA Atelier LIA Das Leipzig International Art Programme (LIA) ist eine internationale K\u00fcnstlerresidenz in der Spinnerei Leipzig. Es versteht sich als Ort des Experiments und Lernens innerhalb einer starken lokalen K\u00fcnstlergemeinschaft und einer&hellip;","og_url":"https:\/\/liap.eu\/index.php\/de\/kuenstler\/willkommen-im-leipzig-international-art-programme\/","og_site_name":"LIA","article_publisher":"https:\/\/www.facebook.com\/LIAprogramme","article_modified_time":"2024-03-12T08:05:26+00:00","twitter_card":"summary_large_image","twitter_misc":{"Estimated reading time":"2 minutes"},"schema":{"@context":"https:\/\/schema.org","@graph":[{"@type":"WebPage","@id":"https:\/\/liap.eu\/index.php\/de\/kuenstler\/willkommen-im-leipzig-international-art-programme\/","url":"https:\/\/liap.eu\/index.php\/de\/kuenstler\/willkommen-im-leipzig-international-art-programme\/","name":"- LIA","isPartOf":{"@id":"https:\/\/liap.eu\/#website"},"datePublished":"2021-06-10T12:58:42+00:00","dateModified":"2024-03-12T08:05:26+00:00","breadcrumb":{"@id":"https:\/\/liap.eu\/index.php\/de\/kuenstler\/willkommen-im-leipzig-international-art-programme\/#breadcrumb"},"inLanguage":"en-GB","potentialAction":[{"@type":"ReadAction","target":["https:\/\/liap.eu\/index.php\/de\/kuenstler\/willkommen-im-leipzig-international-art-programme\/"]}]},{"@type":"BreadcrumbList","@id":"https:\/\/liap.eu\/index.php\/de\/kuenstler\/willkommen-im-leipzig-international-art-programme\/#breadcrumb","itemListElement":[{"@type":"ListItem","position":1,"name":"Startseite","item":"https:\/\/liap.eu\/"},{"@type":"ListItem","position":2,"name":"K\u00fcnstler","item":"https:\/\/liap.eu\/index.php\/de\/kuenstler\/"}]},{"@type":"WebSite","@id":"https:\/\/liap.eu\/#website","url":"https:\/\/liap.eu\/","name":"LIA - Leipzig International Art Programme","description":"Leipzig International Art Programme","publisher":{"@id":"https:\/\/liap.eu\/#organization"},"potentialAction":[{"@type":"SearchAction","target":{"@type":"EntryPoint","urlTemplate":"https:\/\/liap.eu\/?s={search_term_string}"},"query-input":{"@type":"PropertyValueSpecification","valueRequired":true,"valueName":"search_term_string"}}],"inLanguage":"en-GB"},{"@type":"Organization","@id":"https:\/\/liap.eu\/#organization","name":"Leipzig International Art Programme","url":"https:\/\/liap.eu\/","logo":{"@type":"ImageObject","inLanguage":"en-GB","@id":"https:\/\/liap.eu\/#\/schema\/logo\/image\/","url":"https:\/\/liap.eu\/wp-content\/uploads\/2021\/11\/LIAP.jpg","contentUrl":"https:\/\/liap.eu\/wp-content\/uploads\/2021\/11\/LIAP.jpg","width":870,"height":140,"caption":"Leipzig International Art Programme"},"image":{"@id":"https:\/\/liap.eu\/#\/schema\/logo\/image\/"},"sameAs":["https:\/\/www.facebook.com\/LIAprogramme","https:\/\/www.instagram.com\/lia_programme\/","https:\/\/www.youtube.com\/channel\/UCVp_APjH6wtmApuu5kWgUqA\/videos"]}]}},"uagb_featured_image_src":{"full":false,"thumbnail":false,"medium":false,"medium_large":false,"large":false,"1536x1536":false,"2048x2048":false,"post-thumbnail":false,"twentytwenty-fullscreen":false},"uagb_author_info":{"display_name":"admin","author_link":"https:\/\/liap.eu\/index.php\/author\/admin\/"},"uagb_comment_info":0,"uagb_excerpt":"RESONATE Opus I \u2013\u00a0Harit\u00a0Srikhao\u00a0in Kolaboration mit T\u00e4nzerin Clara Sj\u00f6lin &amp; Musikern des Gewandhauses\u00a0Elisabeth Dingstad, Camille Gouton, Alice Wedel und Pedro Pelaez im LIA Atelier LIA Das Leipzig International Art Programme (LIA) ist eine internationale K\u00fcnstlerresidenz in der Spinnerei Leipzig. Es versteht sich als Ort des Experiments und Lernens innerhalb einer starken lokalen K\u00fcnstlergemeinschaft und einer&hellip;","_links":{"self":[{"href":"https:\/\/liap.eu\/index.php\/wp-json\/wp\/v2\/pages\/7996","targetHints":{"allow":["GET"]}}],"collection":[{"href":"https:\/\/liap.eu\/index.php\/wp-json\/wp\/v2\/pages"}],"about":[{"href":"https:\/\/liap.eu\/index.php\/wp-json\/wp\/v2\/types\/page"}],"author":[{"embeddable":true,"href":"https:\/\/liap.eu\/index.php\/wp-json\/wp\/v2\/users\/3"}],"replies":[{"embeddable":true,"href":"https:\/\/liap.eu\/index.php\/wp-json\/wp\/v2\/comments?post=7996"}],"version-history":[{"count":46,"href":"https:\/\/liap.eu\/index.php\/wp-json\/wp\/v2\/pages\/7996\/revisions"}],"predecessor-version":[{"id":10897,"href":"https:\/\/liap.eu\/index.php\/wp-json\/wp\/v2\/pages\/7996\/revisions\/10897"}],"up":[{"embeddable":true,"href":"https:\/\/liap.eu\/index.php\/wp-json\/wp\/v2\/pages\/217"}],"wp:attachment":[{"href":"https:\/\/liap.eu\/index.php\/wp-json\/wp\/v2\/media?parent=7996"}],"curies":[{"name":"wp","href":"https:\/\/api.w.org\/{rel}","templated":true}]}}